{"id":3411,"date":"2024-10-01T12:32:24","date_gmt":"2024-10-01T10:32:24","guid":{"rendered":"https:\/\/www.barometreocupacions.cat\/?page_id=3411"},"modified":"2024-11-14T18:11:58","modified_gmt":"2024-11-14T16:11:58","slug":"cataluna-y-espana-transicion-ecologica","status":"publish","type":"page","link":"https:\/\/www.barometreocupacions.cat\/es\/cataluna-y-espana-transicion-ecologica\/","title":{"rendered":"CATALU\u00d1A Y ESPA\u00d1A: TRANSICI\u00d3N ECOL\u00d3GICA"},"content":{"rendered":"\t\t<div data-elementor-type=\"wp-page\" data-elementor-id=\"3411\" class=\"elementor elementor-3411 elementor-3410\" data-elementor-post-type=\"page\">\n\t\t\t\t<div class=\"elementor-element elementor-element-e68e719 e-flex e-con-boxed elementor-invisible e-con e-parent\" data-id=\"e68e719\" data-element_type=\"container\" data-settings=\"{&quot;animation&quot;:&quot;fadeIn&quot;}\">\n\t\t\t\t\t<div class=\"e-con-inner\">\n\t\t\t\t<div class=\"elementor-element elementor-element-c4431e8 elementor-widget elementor-widget-heading\" data-id=\"c4431e8\" data-element_type=\"widget\" data-widget_type=\"heading.default\">\n\t\t\t\t<div class=\"elementor-widget-container\">\n\t\t\t\t\t<h1 class=\"elementor-heading-title elementor-size-default\">PENSANDO EN VERDE PARA UNA ECONOM\u00cdA SOSTENIBLE\n<\/h1>\t\t\t\t<\/div>\n\t\t\t\t<\/div>\n\t\t<div class=\"elementor-element elementor-element-8a78aee e-flex e-con-boxed elementor-invisible e-con e-child\" data-id=\"8a78aee\" data-element_type=\"container\" data-settings=\"{&quot;animation&quot;:&quot;fadeIn&quot;}\">\n\t\t\t\t\t<div class=\"e-con-inner\">\n\t\t<div class=\"elementor-element elementor-element-9b4a40c e-con-full e-flex e-con e-child\" data-id=\"9b4a40c\" data-element_type=\"container\">\n\t\t\t\t<div class=\"elementor-element elementor-element-d0eab1a elementor-widget elementor-widget-text-editor\" data-id=\"d0eab1a\" data-element_type=\"widget\" data-widget_type=\"text-editor.default\">\n\t\t\t\t<div class=\"elementor-widget-container\">\n\t\t\t\t\t\t\t\t\t<p>La transici\u00f3n ecol\u00f3gica se ha posicionado como una de las prioridades m\u00e1s urgentes en la agenda europea mediante el pacto verde, que tiene por objetivo lograr la neutralidad clim\u00e1tica para el 2050.<\/p>\n<p>Pero, \u00bfc\u00f3mo impacta esta transici\u00f3n ecol\u00f3gica en el mercado laboral en Catalu\u00f1a? \u00bfQu\u00e9 perfiles verdes se solicitan para avanzar hacia la sostenibilidad y el impacto 0? \u00bfQu\u00e9 competencias verdes son necesarias para llevar a cabo esta transformaci\u00f3n?  <\/p>\n<p>Para responder a estas preguntas, este estudio analiza la transformaci\u00f3n del mercado laboral catal\u00e1n, a partir de la explotaci\u00f3n de datos de 7 millones de vacantes laborales publicadas entre julio de 2018 y junio de 2023.<\/p>\n\t\t\t\t\t\t\t\t<\/div>\n\t\t\t\t<\/div>\n\t\t\t\t<\/div>\n\t\t<div class=\"elementor-element elementor-element-9655602 e-con-full e-flex e-con e-child\" data-id=\"9655602\" data-element_type=\"container\">\n\t\t\t\t<div class=\"elementor-element elementor-element-42b0367 elementor-widget elementor-widget-image\" data-id=\"42b0367\" data-element_type=\"widget\" data-widget_type=\"image.default\">\n\t\t\t\t<div class=\"elementor-widget-container\">\n\t\t\t\t\t\t\t\t\t\t\t\t\t\t\t<img fetchpriority=\"high\" decoding=\"async\" width=\"696\" height=\"450\" src=\"https:\/\/www.barometreocupacions.cat\/wp-content\/uploads\/2024\/10\/verdes-2.jpg\" class=\"attachment-full size-full wp-image-3854\" alt=\"\" srcset=\"https:\/\/www.barometreocupacions.cat\/wp-content\/uploads\/2024\/10\/verdes-2.jpg 696w, https:\/\/www.barometreocupacions.cat\/wp-content\/uploads\/2024\/10\/verdes-2-300x194.jpg 300w\" sizes=\"(max-width: 696px) 100vw, 696px\" \/>\t\t\t\t\t\t\t\t\t\t\t\t\t\t\t<\/div>\n\t\t\t\t<\/div>\n\t\t\t\t<\/div>\n\t\t\t\t\t<\/div>\n\t\t\t\t<\/div>\n\t\t\t\t<div class=\"elementor-element elementor-element-e66ea3c elementor-align-center elementor-widget elementor-widget-button\" data-id=\"e66ea3c\" data-element_type=\"widget\" data-widget_type=\"button.default\">\n\t\t\t\t<div class=\"elementor-widget-container\">\n\t\t\t\t\t\t\t\t\t<div class=\"elementor-button-wrapper\">\n\t\t\t\t\t<a class=\"elementor-button elementor-button-link elementor-size-sm\" href=\"https:\/\/www.barometreocupacions.cat\/wp-content\/uploads\/2024\/11\/ES-Ocupacions-y-competencies-verdes-per-a-una-economia-sostenible.pdf\" target=\"_blank\">\n\t\t\t\t\t\t<span class=\"elementor-button-content-wrapper\">\n\t\t\t\t\t\t\t\t\t<span class=\"elementor-button-text\">Accede al informe detallado<\/span>\n\t\t\t\t\t<\/span>\n\t\t\t\t\t<\/a>\n\t\t\t\t<\/div>\n\t\t\t\t\t\t\t\t<\/div>\n\t\t\t\t<\/div>\n\t\t\t\t\t<\/div>\n\t\t\t\t<\/div>\n\t\t<div class=\"elementor-element elementor-element-fdd7ea6 e-flex e-con-boxed elementor-invisible e-con e-parent\" data-id=\"fdd7ea6\" data-element_type=\"container\" data-settings=\"{&quot;animation&quot;:&quot;fadeIn&quot;}\">\n\t\t\t\t\t<div class=\"e-con-inner\">\n\t\t\t\t<div class=\"elementor-element elementor-element-6b754ab elementor-widget elementor-widget-heading\" data-id=\"6b754ab\" data-element_type=\"widget\" data-widget_type=\"heading.default\">\n\t\t\t\t<div class=\"elementor-widget-container\">\n\t\t\t\t\t<h3 class=\"elementor-heading-title elementor-size-default\">Demanda de talento en Catalu\u00f1a y Espa\u00f1a (07\/22-06\/23)<\/h3>\t\t\t\t<\/div>\n\t\t\t\t<\/div>\n\t\t\t\t<div class=\"elementor-element elementor-element-babe416 elementor-widget elementor-widget-text-editor\" data-id=\"babe416\" data-element_type=\"widget\" data-widget_type=\"text-editor.default\">\n\t\t\t\t<div class=\"elementor-widget-container\">\n\t\t\t\t\t\t\t\t\t<p style=\"text-align: center;\">Catalu\u00f1a se sit\u00faa por encima de la media de Espa\u00f1a en la b\u00fasqueda de talento verde: tanto la demanda de competencias como de empleos verdes es m\u00e1s elevada que la media del Estado.<\/p>\n\t\t\t\t\t\t\t\t<\/div>\n\t\t\t\t<\/div>\n\t\t\t\t\t<\/div>\n\t\t\t\t<\/div>\n\t\t<div class=\"elementor-element elementor-element-181a8f4 e-flex e-con-boxed elementor-invisible e-con e-parent\" data-id=\"181a8f4\" data-element_type=\"container\" data-settings=\"{&quot;animation&quot;:&quot;fadeIn&quot;}\">\n\t\t\t\t\t<div class=\"e-con-inner\">\n\t\t<div class=\"elementor-element elementor-element-7f49971 e-flex e-con-boxed e-con e-child\" data-id=\"7f49971\" data-element_type=\"container\">\n\t\t\t\t\t<div class=\"e-con-inner\">\n\t\t<div class=\"elementor-element elementor-element-7ab0067 e-con-full e-flex e-con e-child\" data-id=\"7ab0067\" data-element_type=\"container\">\n\t\t<div class=\"elementor-element elementor-element-3565bb2 e-flex e-con-boxed e-con e-child\" data-id=\"3565bb2\" data-element_type=\"container\">\n\t\t\t\t\t<div class=\"e-con-inner\">\n\t\t\t\t<div class=\"elementor-element elementor-element-565a93b elementor-widget elementor-widget-heading\" data-id=\"565a93b\" data-element_type=\"widget\" data-widget_type=\"heading.default\">\n\t\t\t\t<div class=\"elementor-widget-container\">\n\t\t\t\t\t<div class=\"elementor-heading-title elementor-size-default\">Catalu\u00f1a y Espanya: <\/br>Demanda de competencias verdes (07\/22-06\/23)<\/div>\t\t\t\t<\/div>\n\t\t\t\t<\/div>\n\t\t<div class=\"elementor-element elementor-element-c558a5f e-flex e-con-boxed e-con e-child\" data-id=\"c558a5f\" data-element_type=\"container\">\n\t\t\t\t\t<div class=\"e-con-inner\">\n\t\t<div class=\"elementor-element elementor-element-0656ff0 e-flex e-con-boxed e-con e-child\" data-id=\"0656ff0\" data-element_type=\"container\">\n\t\t\t\t\t<div class=\"e-con-inner\">\n\t\t<div class=\"elementor-element elementor-element-53f0686 e-flex e-con-boxed e-con e-child\" data-id=\"53f0686\" data-element_type=\"container\">\n\t\t\t\t\t<div class=\"e-con-inner\">\n\t\t\t\t<div class=\"elementor-element elementor-element-c2b3fd6 elementor-widget elementor-widget-heading\" data-id=\"c2b3fd6\" data-element_type=\"widget\" data-widget_type=\"heading.default\">\n\t\t\t\t<div class=\"elementor-widget-container\">\n\t\t\t\t\t<div class=\"elementor-heading-title elementor-size-default\">Catalu\u00f1a<\/div>\t\t\t\t<\/div>\n\t\t\t\t<\/div>\n\t\t\t\t<div class=\"elementor-element elementor-element-bf184e8 elementor-widget elementor-widget-column_chart\" data-id=\"bf184e8\" data-element_type=\"widget\" data-widget_type=\"column_chart.default\">\n\t\t\t\t<div class=\"elementor-widget-container\">\n\t\t\t\t\t\n<div class=\"\">\n\t<div>\n\t\t\n\t\t\t<\/div>\n\t\n<div class=\"chart-box\">\n\t<div class=\"graphina-elementor-chart\"\n\t\tdata-chart_type=\"column\"\n\t\tdata-element_id=\"bf184e8\"\n\t\tdata-chart_options='{\"series\":[{\"name\":\"Element 1\",\"data\":[5.3],\"yaxis\":0}],\"chart\":{\"id\":\"bf184e8\",\"background\":\"\",\"height\":80,\"type\":\"bar\",\"stacked\":\"\",\"toolbar\":{\"offsetX\":0,\"offsetY\":0,\"show\":false,\"export\":{\"csv\":{\"filename\":\"\"},\"svg\":{\"filename\":\"\"},\"png\":{\"filename\":\"\"}},\"tools\":{\"download\":false}},\"dropShadow\":{\"enabled\":\"\",\"top\":0,\"left\":0,\"blur\":0,\"color\":\"\",\"opacity\":0},\"animations\":{\"enabled\":true,\"speed\":800,\"delay\":150},\"locales\":[{\"name\":\"es_ES\",\"options\":{\"toolbar\":{\"download\":\"Download SVG\",\"selection\":\"Selection\",\"selectionZoom\":\"Selection Zoom\",\"zoomIn\":\"Zoom In\",\"zoomOut\":\"Zoom Out\",\"pan\":\"Panning\",\"reset\":\"Reset Zoom\",\"menu\":\"Menu\",\"exportToSVG\":\"Download SVG\",\"exportToPNG\":\"Download PNG\",\"exportToCSV\":\"Download CSV\"},\"months\":[\"January\",\"February\",\"March\",\"April\",\"May\",\"June\",\"July\",\"August\",\"September\",\"October\",\"November\",\"December\"],\"shortMonths\":[\"Jan\",\"Feb\",\"Mar\",\"Apr\",\"May\",\"Jun\",\"Jul\",\"Aug\",\"Sep\",\"Oct\",\"Nov\",\"Dec\"],\"days\":[\"Sunday\",\"Monday\",\"Tuesday\",\"Wednesday\",\"Thursday\",\"Friday\",\"Saturday\"],\"shortDays\":[\"Sun\",\"Mon\",\"Tue\",\"Wed\",\"Thu\",\"Fri\",\"Sat\"]}}],\"defaultLocale\":\"es_ES\"},\"xaxis\":{\"tickAmount\":6,\"tickPlacement\":\"\",\"position\":\"buttom\",\"labels\":{\"show\":false,\"rotateAlways\":false,\"rotate\":0,\"offsetX\":0,\"offsetY\":0,\"trim\":true,\"style\":{\"colors\":\"#000000\",\"fontSize\":\"13px\",\"fontFamily\":\"Poppins\",\"fontWeight\":\"\"}},\"tooltip\":{\"enabled\":true},\"crosshairs\":{\"show\":false},\"categories\":[\"Analistes de sistemes\"]},\"colors\":[\"#4E93BE\"],\"yaxis\":{\"tickAmount\":6,\"decimalsInFloat\":1,\"labels\":{\"show\":false,\"offsetX\":0,\"maxWidth\":\"auto\",\"offsetY\":0,\"style\":{\"colors\":\"#000000\",\"fontSize\":\"13px\",\"fontFamily\":\"Poppins\",\"fontWeight\":\"\"}},\"tooltip\":{\"enabled\":false},\"crosshairs\":{\"show\":false},\"opposite\":false},\"legend\":{\"showForSingleSeries\":true,\"show\":false},\"dataLabels\":{\"enabled\":true,\"style\":{\"fontSize\":\"13px\",\"fontFamily\":\"Poppins\",\"fontWeight\":\"\",\"colors\":[\"#FFFFFF\"]},\"background\":{\"enabled\":false,\"borderRadius\":0,\"foreColor\":\"#ffffff\",\"borderWidth\":1,\"borderColor\":\"#ffffff\"},\"offsetY\":0,\"offsetX\":0},\"noData\":{\"text\":\"No Data Available\"},\"tooltip\":{\"enabled\":true,\"theme\":\"light\",\"shared\":\"yes\",\"intersect\":false,\"enabledOnSeries\":[]},\"fill\":{\"type\":\"classic\",\"opacity\":1,\"colors\":[\"#4E93BE\"],\"gradient\":{\"gradientToColors\":[\"#4E93BE\"],\"type\":null,\"inverseColors\":false,\"opacityFrom\":0,\"opacityTo\":0},\"pattern\":{\"style\":[\"\"],\"width\":6,\"height\":6,\"strokeWidth\":2}},\"markers\":{\"size\":[],\"strokeColors\":[],\"strokeWidth\":[],\"shape\":[],\"showNullDataPoints\":true,\"hover\":{\"size\":3,\"sizeOffset\":1}},\"plotOptions\":{\"bar\":{\"horizontal\":true,\"columnWidth\":\"51%\",\"borderRadius\":0,\"dataLabels\":{\"position\":\"center\",\"orientation\":\"horizontal\",\"total\":{\"enabled\":false,\"style\":{\"fontSize\":\"\"}}}}},\"grid\":{\"borderColor\":\"#90A4AE\",\"yaxis\":{\"lines\":{\"show\":false}}},\"position\":\"buttom\"}'\n\t\tdata-responsive_options='[{\"breakpoint\":1024,\"options\":{\"chart\":{\"height\":350}}},{\"breakpoint\":674,\"options\":{\"chart\":{\"height\":350}}}]'\n\t\tdata-extra_data='{\"legend_show_series_value\":false,\"xaxis_label_prefix_show\":false,\"xaxis_label_prefix\":\"\",\"xaxis_label_postfix\":\"\",\"xaxis_show_time\":false,\"xaxis_show_date\":false,\"yaxis_label_prefix_show\":false,\"yaxis_label_format\":false,\"yaxis_label_prefix\":\"\",\"yaxis_label_postfix\":\"\",\"decimal_in_float\":0,\"chart_datalabel_decimals_in_float\":0,\"chart_number_format_commas\":false,\"chart_yaxis_label_pointer\":false,\"chart_yaxis_label_pointer_number\":1,\"chart_opposite_yaxis_title_enable\":false,\"chart_opposite_yaxis_format_number\":false,\"chart_opposite_yaxis_label_show\":false,\"chart_opposite_yaxis_label_prefix\":\"\",\"chart_opposite_yaxis_label_postfix\":\"\",\"chart_datalabel_prefix\":\"  \",\"chart_datalabel_postfix\":\"%\",\"chart_data_option\":false,\"dynamic_type\":\"manual\",\"chart_dynamic_data_option\":\"\",\"chart_data_series_count_dynamic\":1,\"chart_csv_column_wise_enable\":false,\"chart_csv_x_columns\":\"\",\"chart_csv_y_columns\":\"\",\"chart_csv_x_columns_sql\":\"\",\"chart_csv_y_columns_sql\":\"\",\"can_chart_reload_ajax\":false,\"interval_data_refresh\":15,\"is_chart_horizontal\":true,\"current_post_id\":3411,\"graphina_prefix\":\"iq_\",\"xaxis_label_pointer_number\":0,\"chart_xaxis_format_number\":false,\"chart_xaxis_label_pointer\":false}'\n\t\tdata-settings='[]'>\n\t<\/div>\n<\/div><\/div>\t\t\t\t<\/div>\n\t\t\t\t<\/div>\n\t\t\t\t\t<\/div>\n\t\t\t\t<\/div>\n\t\t<div class=\"elementor-element elementor-element-b62b179 e-flex e-con-boxed e-con e-child\" data-id=\"b62b179\" data-element_type=\"container\">\n\t\t\t\t\t<div class=\"e-con-inner\">\n\t\t\t\t<div class=\"elementor-element elementor-element-1d25efc elementor-widget elementor-widget-heading\" data-id=\"1d25efc\" data-element_type=\"widget\" data-widget_type=\"heading.default\">\n\t\t\t\t<div class=\"elementor-widget-container\">\n\t\t\t\t\t<div class=\"elementor-heading-title elementor-size-default\">Espa\u00f1a<\/div>\t\t\t\t<\/div>\n\t\t\t\t<\/div>\n\t\t\t\t<div class=\"elementor-element elementor-element-54e6f06 elementor-widget elementor-widget-column_chart\" data-id=\"54e6f06\" data-element_type=\"widget\" data-widget_type=\"column_chart.default\">\n\t\t\t\t<div class=\"elementor-widget-container\">\n\t\t\t\t\t\n<div class=\"\">\n\t<div>\n\t\t\n\t\t\t<\/div>\n\t\n<div class=\"chart-box\">\n\t<div class=\"graphina-elementor-chart\"\n\t\tdata-chart_type=\"column\"\n\t\tdata-element_id=\"54e6f06\"\n\t\tdata-chart_options='{\"series\":[{\"name\":\"Element 1\",\"data\":[4.6],\"yaxis\":0}],\"chart\":{\"id\":\"54e6f06\",\"background\":\"\",\"height\":108,\"type\":\"bar\",\"stacked\":\"\",\"toolbar\":{\"offsetX\":0,\"offsetY\":0,\"show\":false,\"export\":{\"csv\":{\"filename\":\"\"},\"svg\":{\"filename\":\"\"},\"png\":{\"filename\":\"\"}},\"tools\":{\"download\":false}},\"dropShadow\":{\"enabled\":\"\",\"top\":0,\"left\":0,\"blur\":0,\"color\":\"\",\"opacity\":0},\"animations\":{\"enabled\":true,\"speed\":800,\"delay\":150},\"locales\":[{\"name\":\"es_ES\",\"options\":{\"toolbar\":{\"download\":\"Download SVG\",\"selection\":\"Selection\",\"selectionZoom\":\"Selection Zoom\",\"zoomIn\":\"Zoom In\",\"zoomOut\":\"Zoom Out\",\"pan\":\"Panning\",\"reset\":\"Reset Zoom\",\"menu\":\"Menu\",\"exportToSVG\":\"Download SVG\",\"exportToPNG\":\"Download PNG\",\"exportToCSV\":\"Download CSV\"},\"months\":[\"January\",\"February\",\"March\",\"April\",\"May\",\"June\",\"July\",\"August\",\"September\",\"October\",\"November\",\"December\"],\"shortMonths\":[\"Jan\",\"Feb\",\"Mar\",\"Apr\",\"May\",\"Jun\",\"Jul\",\"Aug\",\"Sep\",\"Oct\",\"Nov\",\"Dec\"],\"days\":[\"Sunday\",\"Monday\",\"Tuesday\",\"Wednesday\",\"Thursday\",\"Friday\",\"Saturday\"],\"shortDays\":[\"Sun\",\"Mon\",\"Tue\",\"Wed\",\"Thu\",\"Fri\",\"Sat\"]}}],\"defaultLocale\":\"es_ES\"},\"xaxis\":{\"tickAmount\":4,\"tickPlacement\":\"between\",\"position\":\"bottom\",\"labels\":{\"show\":true,\"rotateAlways\":false,\"rotate\":0,\"offsetX\":0,\"offsetY\":0,\"trim\":true,\"style\":{\"colors\":\"#000000\",\"fontSize\":\"13px\",\"fontFamily\":\"Poppins\",\"fontWeight\":\"\"}},\"tooltip\":{\"enabled\":true},\"crosshairs\":{\"show\":false},\"categories\":[\"\"]},\"colors\":[\"#4E93BE\"],\"yaxis\":{\"tickAmount\":6,\"decimalsInFloat\":1,\"labels\":{\"show\":false,\"offsetX\":0,\"maxWidth\":\"auto\",\"offsetY\":0,\"style\":{\"colors\":\"#000000\",\"fontSize\":\"13px\",\"fontFamily\":\"Poppins\",\"fontWeight\":\"\"}},\"tooltip\":{\"enabled\":false},\"crosshairs\":{\"show\":false},\"opposite\":false},\"legend\":{\"showForSingleSeries\":true,\"show\":false},\"dataLabels\":{\"enabled\":true,\"style\":{\"fontSize\":\"13px\",\"fontFamily\":\"Poppins\",\"fontWeight\":\"\",\"colors\":[\"#FFFFFF\"]},\"background\":{\"enabled\":false,\"borderRadius\":0,\"foreColor\":\"#ffffff\",\"borderWidth\":1,\"borderColor\":\"#ffffff\"},\"offsetY\":0,\"offsetX\":0},\"noData\":{\"text\":\"No Data Available\"},\"tooltip\":{\"enabled\":true,\"theme\":\"light\",\"shared\":\"yes\",\"intersect\":false,\"enabledOnSeries\":[]},\"fill\":{\"type\":\"classic\",\"opacity\":1,\"colors\":[\"#4E93BE\"],\"gradient\":{\"gradientToColors\":[\"#4E93BE\"],\"type\":null,\"inverseColors\":false,\"opacityFrom\":0,\"opacityTo\":0},\"pattern\":{\"style\":[\"\"],\"width\":6,\"height\":6,\"strokeWidth\":2}},\"markers\":{\"size\":[],\"strokeColors\":[],\"strokeWidth\":[],\"shape\":[],\"showNullDataPoints\":true,\"hover\":{\"size\":3,\"sizeOffset\":1}},\"plotOptions\":{\"bar\":{\"horizontal\":true,\"columnWidth\":\"51%\",\"borderRadius\":0,\"dataLabels\":{\"position\":\"center\",\"orientation\":\"horizontal\",\"total\":{\"enabled\":false,\"style\":{\"fontSize\":\"\"}}}}},\"grid\":{\"borderColor\":\"#90A4AE\",\"yaxis\":{\"lines\":{\"show\":false}}},\"position\":\"buttom\"}'\n\t\tdata-responsive_options='[{\"breakpoint\":1024,\"options\":{\"chart\":{\"height\":350}}},{\"breakpoint\":674,\"options\":{\"chart\":{\"height\":350}}}]'\n\t\tdata-extra_data='{\"legend_show_series_value\":false,\"xaxis_label_prefix_show\":true,\"xaxis_label_prefix\":\"\",\"xaxis_label_postfix\":\"%\",\"xaxis_show_time\":false,\"xaxis_show_date\":false,\"yaxis_label_prefix_show\":false,\"yaxis_label_format\":false,\"yaxis_label_prefix\":\"\",\"yaxis_label_postfix\":\"\",\"decimal_in_float\":0,\"chart_datalabel_decimals_in_float\":0,\"chart_number_format_commas\":false,\"chart_yaxis_label_pointer\":false,\"chart_yaxis_label_pointer_number\":1,\"chart_opposite_yaxis_title_enable\":false,\"chart_opposite_yaxis_format_number\":false,\"chart_opposite_yaxis_label_show\":false,\"chart_opposite_yaxis_label_prefix\":\"\",\"chart_opposite_yaxis_label_postfix\":\"\",\"chart_datalabel_prefix\":\"  \",\"chart_datalabel_postfix\":\"%\",\"chart_data_option\":false,\"dynamic_type\":\"manual\",\"chart_dynamic_data_option\":\"\",\"chart_data_series_count_dynamic\":1,\"chart_csv_column_wise_enable\":false,\"chart_csv_x_columns\":\"\",\"chart_csv_y_columns\":\"\",\"chart_csv_x_columns_sql\":\"\",\"chart_csv_y_columns_sql\":\"\",\"can_chart_reload_ajax\":false,\"interval_data_refresh\":15,\"is_chart_horizontal\":true,\"current_post_id\":3411,\"graphina_prefix\":\"iq_\",\"xaxis_label_pointer_number\":0,\"chart_xaxis_format_number\":true,\"chart_xaxis_label_pointer\":false}'\n\t\tdata-settings='[]'>\n\t<\/div>\n<\/div><\/div>\t\t\t\t<\/div>\n\t\t\t\t<\/div>\n\t\t\t\t\t<\/div>\n\t\t\t\t<\/div>\n\t\t\t\t\t<\/div>\n\t\t\t\t<\/div>\n\t\t\t\t\t<\/div>\n\t\t\t\t<\/div>\n\t\t\t\t\t<\/div>\n\t\t\t\t<\/div>\n\t\t\t\t<\/div>\n\t\t<div class=\"elementor-element elementor-element-3a79e4b e-con-full e-flex e-con e-child\" data-id=\"3a79e4b\" data-element_type=\"container\">\n\t\t<div class=\"elementor-element elementor-element-dda7407 e-flex e-con-boxed e-con e-child\" data-id=\"dda7407\" data-element_type=\"container\">\n\t\t\t\t\t<div class=\"e-con-inner\">\n\t\t\t\t<div class=\"elementor-element elementor-element-7c6ce09 elementor-widget elementor-widget-heading\" data-id=\"7c6ce09\" data-element_type=\"widget\" data-widget_type=\"heading.default\">\n\t\t\t\t<div class=\"elementor-widget-container\">\n\t\t\t\t\t<div class=\"elementor-heading-title elementor-size-default\">Catalu\u00f1a y Espa\u00f1a <\/br>Deman da de ocupaciones verdes(07\/22-06\/23)<\/div>\t\t\t\t<\/div>\n\t\t\t\t<\/div>\n\t\t<div class=\"elementor-element elementor-element-5acab97 e-flex e-con-boxed e-con e-child\" data-id=\"5acab97\" data-element_type=\"container\">\n\t\t\t\t\t<div class=\"e-con-inner\">\n\t\t<div class=\"elementor-element elementor-element-50fc12d e-flex e-con-boxed e-con e-child\" data-id=\"50fc12d\" data-element_type=\"container\">\n\t\t\t\t\t<div class=\"e-con-inner\">\n\t\t<div class=\"elementor-element elementor-element-b871acf e-flex e-con-boxed e-con e-child\" data-id=\"b871acf\" data-element_type=\"container\">\n\t\t\t\t\t<div class=\"e-con-inner\">\n\t\t\t\t<div class=\"elementor-element elementor-element-dbf0add elementor-widget elementor-widget-heading\" data-id=\"dbf0add\" data-element_type=\"widget\" data-widget_type=\"heading.default\">\n\t\t\t\t<div class=\"elementor-widget-container\">\n\t\t\t\t\t<div class=\"elementor-heading-title elementor-size-default\">Catalu\u00f1a<\/div>\t\t\t\t<\/div>\n\t\t\t\t<\/div>\n\t\t\t\t<div class=\"elementor-element elementor-element-a356042 elementor-widget elementor-widget-column_chart\" data-id=\"a356042\" data-element_type=\"widget\" data-widget_type=\"column_chart.default\">\n\t\t\t\t<div class=\"elementor-widget-container\">\n\t\t\t\t\t\n<div class=\"\">\n\t<div>\n\t\t\n\t\t\t<\/div>\n\t\n<div class=\"chart-box\">\n\t<div class=\"graphina-elementor-chart\"\n\t\tdata-chart_type=\"column\"\n\t\tdata-element_id=\"a356042\"\n\t\tdata-chart_options='{\"series\":[{\"name\":\"Element 1\",\"data\":[7.5],\"yaxis\":0}],\"chart\":{\"id\":\"a356042\",\"background\":\"\",\"height\":80,\"type\":\"bar\",\"stacked\":\"\",\"toolbar\":{\"offsetX\":0,\"offsetY\":0,\"show\":false,\"export\":{\"csv\":{\"filename\":\"\"},\"svg\":{\"filename\":\"\"},\"png\":{\"filename\":\"\"}},\"tools\":{\"download\":false}},\"dropShadow\":{\"enabled\":\"\",\"top\":0,\"left\":0,\"blur\":0,\"color\":\"\",\"opacity\":0},\"animations\":{\"enabled\":true,\"speed\":800,\"delay\":150},\"locales\":[{\"name\":\"es_ES\",\"options\":{\"toolbar\":{\"download\":\"Download SVG\",\"selection\":\"Selection\",\"selectionZoom\":\"Selection Zoom\",\"zoomIn\":\"Zoom In\",\"zoomOut\":\"Zoom Out\",\"pan\":\"Panning\",\"reset\":\"Reset Zoom\",\"menu\":\"Menu\",\"exportToSVG\":\"Download SVG\",\"exportToPNG\":\"Download PNG\",\"exportToCSV\":\"Download CSV\"},\"months\":[\"January\",\"February\",\"March\",\"April\",\"May\",\"June\",\"July\",\"August\",\"September\",\"October\",\"November\",\"December\"],\"shortMonths\":[\"Jan\",\"Feb\",\"Mar\",\"Apr\",\"May\",\"Jun\",\"Jul\",\"Aug\",\"Sep\",\"Oct\",\"Nov\",\"Dec\"],\"days\":[\"Sunday\",\"Monday\",\"Tuesday\",\"Wednesday\",\"Thursday\",\"Friday\",\"Saturday\"],\"shortDays\":[\"Sun\",\"Mon\",\"Tue\",\"Wed\",\"Thu\",\"Fri\",\"Sat\"]}}],\"defaultLocale\":\"es_ES\"},\"xaxis\":{\"tickAmount\":6,\"tickPlacement\":\"\",\"position\":\"buttom\",\"labels\":{\"show\":false,\"rotateAlways\":false,\"rotate\":0,\"offsetX\":0,\"offsetY\":0,\"trim\":true,\"style\":{\"colors\":\"#000000\",\"fontSize\":\"13px\",\"fontFamily\":\"Poppins\",\"fontWeight\":\"\"}},\"tooltip\":{\"enabled\":true},\"crosshairs\":{\"show\":false},\"categories\":[\"Analistes de sistemes\"]},\"colors\":[\"#4E93BE\"],\"yaxis\":{\"tickAmount\":6,\"decimalsInFloat\":1,\"labels\":{\"show\":false,\"offsetX\":0,\"maxWidth\":\"auto\",\"offsetY\":0,\"style\":{\"colors\":\"#000000\",\"fontSize\":\"13px\",\"fontFamily\":\"Poppins\",\"fontWeight\":\"\"}},\"tooltip\":{\"enabled\":false},\"crosshairs\":{\"show\":false},\"opposite\":false},\"legend\":{\"showForSingleSeries\":true,\"show\":false},\"dataLabels\":{\"enabled\":true,\"style\":{\"fontSize\":\"13px\",\"fontFamily\":\"Poppins\",\"fontWeight\":\"\",\"colors\":[\"#FFFFFF\"]},\"background\":{\"enabled\":false,\"borderRadius\":0,\"foreColor\":\"#ffffff\",\"borderWidth\":1,\"borderColor\":\"#ffffff\"},\"offsetY\":0,\"offsetX\":0},\"noData\":{\"text\":\"No Data Available\"},\"tooltip\":{\"enabled\":true,\"theme\":\"light\",\"shared\":\"yes\",\"intersect\":false,\"enabledOnSeries\":[]},\"fill\":{\"type\":\"classic\",\"opacity\":1,\"colors\":[\"#4E93BE\"],\"gradient\":{\"gradientToColors\":[\"#4E93BE\"],\"type\":null,\"inverseColors\":false,\"opacityFrom\":0,\"opacityTo\":0},\"pattern\":{\"style\":[\"\"],\"width\":6,\"height\":6,\"strokeWidth\":2}},\"markers\":{\"size\":[],\"strokeColors\":[],\"strokeWidth\":[],\"shape\":[],\"showNullDataPoints\":true,\"hover\":{\"size\":3,\"sizeOffset\":1}},\"plotOptions\":{\"bar\":{\"horizontal\":true,\"columnWidth\":\"51%\",\"borderRadius\":0,\"dataLabels\":{\"position\":\"center\",\"orientation\":\"horizontal\",\"total\":{\"enabled\":false,\"style\":{\"fontSize\":\"\"}}}}},\"grid\":{\"borderColor\":\"#90A4AE\",\"yaxis\":{\"lines\":{\"show\":false}}},\"position\":\"buttom\"}'\n\t\tdata-responsive_options='[{\"breakpoint\":1024,\"options\":{\"chart\":{\"height\":350}}},{\"breakpoint\":674,\"options\":{\"chart\":{\"height\":350}}}]'\n\t\tdata-extra_data='{\"legend_show_series_value\":false,\"xaxis_label_prefix_show\":false,\"xaxis_label_prefix\":\"\",\"xaxis_label_postfix\":\"\",\"xaxis_show_time\":false,\"xaxis_show_date\":false,\"yaxis_label_prefix_show\":false,\"yaxis_label_format\":false,\"yaxis_label_prefix\":\"\",\"yaxis_label_postfix\":\"\",\"decimal_in_float\":0,\"chart_datalabel_decimals_in_float\":0,\"chart_number_format_commas\":false,\"chart_yaxis_label_pointer\":false,\"chart_yaxis_label_pointer_number\":1,\"chart_opposite_yaxis_title_enable\":false,\"chart_opposite_yaxis_format_number\":false,\"chart_opposite_yaxis_label_show\":false,\"chart_opposite_yaxis_label_prefix\":\"\",\"chart_opposite_yaxis_label_postfix\":\"\",\"chart_datalabel_prefix\":\"  \",\"chart_datalabel_postfix\":\"%\",\"chart_data_option\":false,\"dynamic_type\":\"manual\",\"chart_dynamic_data_option\":\"\",\"chart_data_series_count_dynamic\":1,\"chart_csv_column_wise_enable\":false,\"chart_csv_x_columns\":\"\",\"chart_csv_y_columns\":\"\",\"chart_csv_x_columns_sql\":\"\",\"chart_csv_y_columns_sql\":\"\",\"can_chart_reload_ajax\":false,\"interval_data_refresh\":15,\"is_chart_horizontal\":true,\"current_post_id\":3411,\"graphina_prefix\":\"iq_\",\"xaxis_label_pointer_number\":0,\"chart_xaxis_format_number\":false,\"chart_xaxis_label_pointer\":false}'\n\t\tdata-settings='[]'>\n\t<\/div>\n<\/div><\/div>\t\t\t\t<\/div>\n\t\t\t\t<\/div>\n\t\t\t\t\t<\/div>\n\t\t\t\t<\/div>\n\t\t<div class=\"elementor-element elementor-element-e283ca1 e-flex e-con-boxed e-con e-child\" data-id=\"e283ca1\" data-element_type=\"container\">\n\t\t\t\t\t<div class=\"e-con-inner\">\n\t\t\t\t<div class=\"elementor-element elementor-element-74a689d elementor-widget elementor-widget-heading\" data-id=\"74a689d\" data-element_type=\"widget\" data-widget_type=\"heading.default\">\n\t\t\t\t<div class=\"elementor-widget-container\">\n\t\t\t\t\t<div class=\"elementor-heading-title elementor-size-default\">Espa\u00f1a<\/div>\t\t\t\t<\/div>\n\t\t\t\t<\/div>\n\t\t\t\t<div class=\"elementor-element elementor-element-8b960eb elementor-widget elementor-widget-column_chart\" data-id=\"8b960eb\" data-element_type=\"widget\" data-widget_type=\"column_chart.default\">\n\t\t\t\t<div class=\"elementor-widget-container\">\n\t\t\t\t\t\n<div class=\"\">\n\t<div>\n\t\t\n\t\t\t<\/div>\n\t\n<div class=\"chart-box\">\n\t<div class=\"graphina-elementor-chart\"\n\t\tdata-chart_type=\"column\"\n\t\tdata-element_id=\"8b960eb\"\n\t\tdata-chart_options='{\"series\":[{\"name\":\"Element 1\",\"data\":[7.2],\"yaxis\":0}],\"chart\":{\"id\":\"8b960eb\",\"background\":\"\",\"height\":108,\"type\":\"bar\",\"stacked\":\"\",\"toolbar\":{\"offsetX\":0,\"offsetY\":0,\"show\":false,\"export\":{\"csv\":{\"filename\":\"\"},\"svg\":{\"filename\":\"\"},\"png\":{\"filename\":\"\"}},\"tools\":{\"download\":false}},\"dropShadow\":{\"enabled\":\"\",\"top\":0,\"left\":0,\"blur\":0,\"color\":\"\",\"opacity\":0},\"animations\":{\"enabled\":true,\"speed\":800,\"delay\":150},\"locales\":[{\"name\":\"es_ES\",\"options\":{\"toolbar\":{\"download\":\"Download SVG\",\"selection\":\"Selection\",\"selectionZoom\":\"Selection Zoom\",\"zoomIn\":\"Zoom In\",\"zoomOut\":\"Zoom Out\",\"pan\":\"Panning\",\"reset\":\"Reset Zoom\",\"menu\":\"Menu\",\"exportToSVG\":\"Download SVG\",\"exportToPNG\":\"Download PNG\",\"exportToCSV\":\"Download CSV\"},\"months\":[\"January\",\"February\",\"March\",\"April\",\"May\",\"June\",\"July\",\"August\",\"September\",\"October\",\"November\",\"December\"],\"shortMonths\":[\"Jan\",\"Feb\",\"Mar\",\"Apr\",\"May\",\"Jun\",\"Jul\",\"Aug\",\"Sep\",\"Oct\",\"Nov\",\"Dec\"],\"days\":[\"Sunday\",\"Monday\",\"Tuesday\",\"Wednesday\",\"Thursday\",\"Friday\",\"Saturday\"],\"shortDays\":[\"Sun\",\"Mon\",\"Tue\",\"Wed\",\"Thu\",\"Fri\",\"Sat\"]}}],\"defaultLocale\":\"es_ES\"},\"xaxis\":{\"tickAmount\":4,\"tickPlacement\":\"between\",\"position\":\"bottom\",\"labels\":{\"show\":true,\"rotateAlways\":false,\"rotate\":0,\"offsetX\":0,\"offsetY\":0,\"trim\":true,\"style\":{\"colors\":\"#000000\",\"fontSize\":\"13px\",\"fontFamily\":\"Poppins\",\"fontWeight\":\"\"}},\"tooltip\":{\"enabled\":true},\"crosshairs\":{\"show\":false},\"categories\":[\"\"]},\"colors\":[\"#4E93BE\"],\"yaxis\":{\"tickAmount\":6,\"decimalsInFloat\":1,\"labels\":{\"show\":false,\"offsetX\":0,\"maxWidth\":\"auto\",\"offsetY\":0,\"style\":{\"colors\":\"#000000\",\"fontSize\":\"13px\",\"fontFamily\":\"Poppins\",\"fontWeight\":\"\"}},\"tooltip\":{\"enabled\":false},\"crosshairs\":{\"show\":false},\"opposite\":false},\"legend\":{\"showForSingleSeries\":true,\"show\":false},\"dataLabels\":{\"enabled\":true,\"style\":{\"fontSize\":\"13px\",\"fontFamily\":\"Poppins\",\"fontWeight\":\"\",\"colors\":[\"#FFFFFF\"]},\"background\":{\"enabled\":false,\"borderRadius\":0,\"foreColor\":\"#ffffff\",\"borderWidth\":1,\"borderColor\":\"#ffffff\"},\"offsetY\":0,\"offsetX\":0},\"noData\":{\"text\":\"No Data Available\"},\"tooltip\":{\"enabled\":true,\"theme\":\"light\",\"shared\":\"yes\",\"intersect\":false,\"enabledOnSeries\":[]},\"fill\":{\"type\":\"classic\",\"opacity\":1,\"colors\":[\"#4E93BE\"],\"gradient\":{\"gradientToColors\":[\"#4E93BE\"],\"type\":null,\"inverseColors\":false,\"opacityFrom\":0,\"opacityTo\":0},\"pattern\":{\"style\":[\"\"],\"width\":6,\"height\":6,\"strokeWidth\":2}},\"markers\":{\"size\":[],\"strokeColors\":[],\"strokeWidth\":[],\"shape\":[],\"showNullDataPoints\":true,\"hover\":{\"size\":3,\"sizeOffset\":1}},\"plotOptions\":{\"bar\":{\"horizontal\":true,\"columnWidth\":\"51%\",\"borderRadius\":0,\"dataLabels\":{\"position\":\"center\",\"orientation\":\"horizontal\",\"total\":{\"enabled\":false,\"style\":{\"fontSize\":\"\"}}}}},\"grid\":{\"borderColor\":\"#90A4AE\",\"yaxis\":{\"lines\":{\"show\":false}}},\"position\":\"buttom\"}'\n\t\tdata-responsive_options='[{\"breakpoint\":1024,\"options\":{\"chart\":{\"height\":350}}},{\"breakpoint\":674,\"options\":{\"chart\":{\"height\":350}}}]'\n\t\tdata-extra_data='{\"legend_show_series_value\":false,\"xaxis_label_prefix_show\":true,\"xaxis_label_prefix\":\"\",\"xaxis_label_postfix\":\"%\",\"xaxis_show_time\":false,\"xaxis_show_date\":false,\"yaxis_label_prefix_show\":false,\"yaxis_label_format\":false,\"yaxis_label_prefix\":\"\",\"yaxis_label_postfix\":\"\",\"decimal_in_float\":0,\"chart_datalabel_decimals_in_float\":0,\"chart_number_format_commas\":false,\"chart_yaxis_label_pointer\":false,\"chart_yaxis_label_pointer_number\":1,\"chart_opposite_yaxis_title_enable\":false,\"chart_opposite_yaxis_format_number\":false,\"chart_opposite_yaxis_label_show\":false,\"chart_opposite_yaxis_label_prefix\":\"\",\"chart_opposite_yaxis_label_postfix\":\"\",\"chart_datalabel_prefix\":\"  \",\"chart_datalabel_postfix\":\"%\",\"chart_data_option\":false,\"dynamic_type\":\"manual\",\"chart_dynamic_data_option\":\"\",\"chart_data_series_count_dynamic\":1,\"chart_csv_column_wise_enable\":false,\"chart_csv_x_columns\":\"\",\"chart_csv_y_columns\":\"\",\"chart_csv_x_columns_sql\":\"\",\"chart_csv_y_columns_sql\":\"\",\"can_chart_reload_ajax\":false,\"interval_data_refresh\":15,\"is_chart_horizontal\":true,\"current_post_id\":3411,\"graphina_prefix\":\"iq_\",\"xaxis_label_pointer_number\":0,\"chart_xaxis_format_number\":true,\"chart_xaxis_label_pointer\":false}'\n\t\tdata-settings='[]'>\n\t<\/div>\n<\/div><\/div>\t\t\t\t<\/div>\n\t\t\t\t<\/div>\n\t\t\t\t\t<\/div>\n\t\t\t\t<\/div>\n\t\t\t\t\t<\/div>\n\t\t\t\t<\/div>\n\t\t\t\t\t<\/div>\n\t\t\t\t<\/div>\n\t\t\t\t\t<\/div>\n\t\t\t\t<\/div>\n\t\t\t\t<\/div>\n\t\t\t\t\t<\/div>\n\t\t\t\t<\/div>\n\t\t<div class=\"elementor-element elementor-element-57a6f6f e-flex e-con-boxed e-con e-child\" data-id=\"57a6f6f\" data-element_type=\"container\">\n\t\t\t\t\t<div class=\"e-con-inner\">\n\t\t<div class=\"elementor-element elementor-element-61a4769 e-con-full e-flex e-con e-child\" data-id=\"61a4769\" data-element_type=\"container\">\n\t\t<div class=\"elementor-element elementor-element-9169805 e-flex e-con-boxed e-con e-child\" data-id=\"9169805\" data-element_type=\"container\">\n\t\t\t\t\t<div class=\"e-con-inner\">\n\t\t\t\t<div class=\"elementor-element elementor-element-c8574a0 elementor-widget elementor-widget-heading\" data-id=\"c8574a0\" data-element_type=\"widget\" data-widget_type=\"heading.default\">\n\t\t\t\t<div class=\"elementor-widget-container\">\n\t\t\t\t\t<div class=\"elementor-heading-title elementor-size-default\">\u00bfQu\u00e9 son las competencias verdes?<\/div>\t\t\t\t<\/div>\n\t\t\t\t<\/div>\n\t\t\t\t<div class=\"elementor-element elementor-element-3471686 elementor-widget elementor-widget-text-editor\" data-id=\"3471686\" data-element_type=\"widget\" data-widget_type=\"text-editor.default\">\n\t\t\t\t<div class=\"elementor-widget-container\">\n\t\t\t\t\t\t\t\t\t<p>La Comisi\u00f3n Europea las define como los conocimientos, habilidades, valores y actitudes necesarias para vivir, desarrollar y fomentar una sociedad que reduzca el impacto de la actividad humana en el medio ambiente. Ejemplos de competencias verdes en el mundo laboral son la gesti\u00f3n de residuos, los conocimientos en legislaci\u00f3n ambiental o en gesti\u00f3n energ\u00e9tica (Cedefop. 2022). <\/p>\n\t\t\t\t\t\t\t\t<\/div>\n\t\t\t\t<\/div>\n\t\t\t\t\t<\/div>\n\t\t\t\t<\/div>\n\t\t\t\t<\/div>\n\t\t<div class=\"elementor-element elementor-element-cc49835 e-con-full e-flex e-con e-child\" data-id=\"cc49835\" data-element_type=\"container\">\n\t\t<div class=\"elementor-element elementor-element-089fb8a e-flex e-con-boxed e-con e-child\" data-id=\"089fb8a\" data-element_type=\"container\">\n\t\t\t\t\t<div class=\"e-con-inner\">\n\t\t\t\t<div class=\"elementor-element elementor-element-8e7c71f elementor-widget elementor-widget-heading\" data-id=\"8e7c71f\" data-element_type=\"widget\" data-widget_type=\"heading.default\">\n\t\t\t\t<div class=\"elementor-widget-container\">\n\t\t\t\t\t<div class=\"elementor-heading-title elementor-size-default\">\u00bfQu\u00e9 entendemos por ocupaciones verdes?\n<\/div>\t\t\t\t<\/div>\n\t\t\t\t<\/div>\n\t\t\t\t<div class=\"elementor-element elementor-element-88b6b98 elementor-widget elementor-widget-text-editor\" data-id=\"88b6b98\" data-element_type=\"widget\" data-widget_type=\"text-editor.default\">\n\t\t\t\t<div class=\"elementor-widget-container\">\n\t\t\t\t\t\t\t\t\t<p>Son aquellas ocupaciones que se orientan a reducir el impacto negativo sobre el medio ambiente, creando productos o servicios sostenibles y amigables con el medio ambiente o promoviendo procesos de producci\u00f3n m\u00e1s sostenibles, como los de ingenier\u00eda medioambiental o el personal de protecci\u00f3n forestal (Posadas y Granata, 2024).<\/p>\n\t\t\t\t\t\t\t\t<\/div>\n\t\t\t\t<\/div>\n\t\t\t\t\t<\/div>\n\t\t\t\t<\/div>\n\t\t\t\t<\/div>\n\t\t\t\t\t<\/div>\n\t\t\t\t<\/div>\n\t\t\t\t\t<\/div>\n\t\t\t\t<\/div>\n\t\t<div class=\"elementor-element elementor-element-47f159a e-flex e-con-boxed elementor-invisible e-con e-parent\" data-id=\"47f159a\" data-element_type=\"container\" data-settings=\"{&quot;animation&quot;:&quot;fadeIn&quot;,&quot;background_background&quot;:&quot;classic&quot;}\">\n\t\t\t\t\t<div class=\"e-con-inner\">\n\t\t\t\t<div class=\"elementor-element elementor-element-c840178 elementor-widget elementor-widget-heading\" data-id=\"c840178\" data-element_type=\"widget\" data-widget_type=\"heading.default\">\n\t\t\t\t<div class=\"elementor-widget-container\">\n\t\t\t\t\t<h3 class=\"elementor-heading-title elementor-size-default\">Demanda de competencias verdes por regi\u00f3n y categor\u00eda de competencias (07\/22-06\/23)<\/h3>\t\t\t\t<\/div>\n\t\t\t\t<\/div>\n\t\t\t\t<div class=\"elementor-element elementor-element-0d2cd98 elementor-widget elementor-widget-text-editor\" data-id=\"0d2cd98\" data-element_type=\"widget\" data-widget_type=\"text-editor.default\">\n\t\t\t\t<div class=\"elementor-widget-container\">\n\t\t\t\t\t\t\t\t\t<p style=\"text-align: center;\">Catalu\u00f1a se sit\u00faa en el grupo l\u00edder en cuanto a demanda de competencias verdes en el \u00faltimo a\u00f1o, solo superada por Madrid y la Comunidad Foral de Navarra. En la regi\u00f3n se demandan especialmente competencias verdes de la rama de administraci\u00f3n de empresas y derecho, como los conocimientos en legislaci\u00f3n ambiental o la responsabilidad social corporativa. <\/p>\n\t\t\t\t\t\t\t\t<\/div>\n\t\t\t\t<\/div>\n\t\t\t\t\t<\/div>\n\t\t\t\t<\/div>\n\t\t<div class=\"elementor-element elementor-element-f7c3463 e-flex e-con-boxed elementor-invisible e-con e-parent\" data-id=\"f7c3463\" data-element_type=\"container\" data-settings=\"{&quot;animation&quot;:&quot;fadeIn&quot;}\">\n\t\t\t\t\t<div class=\"e-con-inner\">\n\t\t\t\t<div class=\"elementor-element elementor-element-e1a8457 elementor-widget elementor-widget-html\" data-id=\"e1a8457\" data-element_type=\"widget\" data-widget_type=\"html.default\">\n\t\t\t\t<div class=\"elementor-widget-container\">\n\t\t\t\t\t<iframe title=\"Informe PIMEC Ocupaciones y competencias verdes para una econom\u00eda sostenible (Espa\u00f1a)_ESP_Web02\" width=\"100%\" height=\"700\" src=\"\nhttps:\/\/app.powerbi.com\/view?r=eyJrIjoiYTc5MjRhMjUtNDg4NC00M2I3LWIwZjEtNWI1OGZiMTM1YmRkIiwidCI6IjM1NGExOGYzLTI5OWQtNDRkMy1iMmFkLTg4NTkxYmUzMDQxNCIsImMiOjh9\"\nframeborder=\"0\" allowFullScreen=\"true\"><\/iframe>\t\t\t\t<\/div>\n\t\t\t\t<\/div>\n\t\t\t\t<div class=\"elementor-element elementor-element-e5b7f2d elementor-widget elementor-widget-text-editor\" data-id=\"e5b7f2d\" data-element_type=\"widget\" data-widget_type=\"text-editor.default\">\n\t\t\t\t<div class=\"elementor-widget-container\">\n\t\t\t\t\t\t\t\t\t<p style=\"text-align: left;\">Fuente: Elaboraci\u00f3n propia a partir de datos de vacantes online de LightCast en el per\u00edodo de junio de 2022 a julio de 2023. Se muestran las seis regiones con mayor demanda de competencias verdes en el per\u00edodo. <\/p>\n\t\t\t\t\t\t\t\t<\/div>\n\t\t\t\t<\/div>\n\t\t\t\t\t<\/div>\n\t\t\t\t<\/div>\n\t\t<div class=\"elementor-element elementor-element-a952153 e-flex e-con-boxed elementor-invisible e-con e-parent\" data-id=\"a952153\" data-element_type=\"container\" data-settings=\"{&quot;animation&quot;:&quot;fadeIn&quot;,&quot;background_background&quot;:&quot;classic&quot;}\">\n\t\t\t\t\t<div class=\"e-con-inner\">\n\t\t\t\t<div class=\"elementor-element elementor-element-9668c0f elementor-widget elementor-widget-heading\" data-id=\"9668c0f\" data-element_type=\"widget\" data-widget_type=\"heading.default\">\n\t\t\t\t<div class=\"elementor-widget-container\">\n\t\t\t\t\t<h3 class=\"elementor-heading-title elementor-size-default\">Evoluci\u00f3n de la demanda de ocupaciones verdes en <\/br>Catalu\u00f1a i Espa\u00f1a (07\/18-06\/23)<\/h3>\t\t\t\t<\/div>\n\t\t\t\t<\/div>\n\t\t<div class=\"elementor-element elementor-element-7645623 e-flex e-con-boxed e-con e-child\" data-id=\"7645623\" data-element_type=\"container\" data-settings=\"{&quot;background_background&quot;:&quot;classic&quot;}\">\n\t\t\t\t\t<div class=\"e-con-inner\">\n\t\t<div class=\"elementor-element elementor-element-f8fe891 e-con-full e-flex e-con e-child\" data-id=\"f8fe891\" data-element_type=\"container\">\n\t\t<div class=\"elementor-element elementor-element-624d485 e-flex e-con-boxed e-con e-child\" data-id=\"624d485\" data-element_type=\"container\" data-settings=\"{&quot;background_background&quot;:&quot;classic&quot;}\">\n\t\t\t\t\t<div class=\"e-con-inner\">\n\t\t\t\t<div class=\"elementor-element elementor-element-f0732ce elementor-widget__width-initial elementor-widget elementor-widget-heading\" data-id=\"f0732ce\" data-element_type=\"widget\" data-widget_type=\"heading.default\">\n\t\t\t\t<div class=\"elementor-widget-container\">\n\t\t\t\t\t<h4 class=\"elementor-heading-title elementor-size-default\">\u00bfSab\u00edas que? <\/h4>\t\t\t\t<\/div>\n\t\t\t\t<\/div>\n\t\t\t\t\t<\/div>\n\t\t\t\t<\/div>\n\t\t\t\t<\/div>\n\t\t<div class=\"elementor-element elementor-element-5f4981f e-con-full e-flex e-con e-child\" data-id=\"5f4981f\" data-element_type=\"container\">\n\t\t\t\t<div class=\"elementor-element elementor-element-bfadd6f elementor-widget elementor-widget-text-editor\" data-id=\"bfadd6f\" data-element_type=\"widget\" data-widget_type=\"text-editor.default\">\n\t\t\t\t<div class=\"elementor-widget-container\">\n\t\t\t\t\t\t\t\t\t<p>La demanda de ocupaciones verdes est\u00e1 creciendo de forma sostenida. <strong>En el \u00faltimo a\u00f1o, el 7,5% de las vacantes en l\u00ednea publicadas en Catalu\u00f1a han sido perfiles verdes<\/strong>, un incremento del 17% respecto a la demanda del a\u00f1o 2018.<\/p>\n\t\t\t\t\t\t\t\t<\/div>\n\t\t\t\t<\/div>\n\t\t\t\t<\/div>\n\t\t\t\t\t<\/div>\n\t\t\t\t<\/div>\n\t\t\t\t\t<\/div>\n\t\t\t\t<\/div>\n\t\t<div class=\"elementor-element elementor-element-55c90dc e-flex e-con-boxed elementor-invisible e-con e-parent\" data-id=\"55c90dc\" data-element_type=\"container\" data-settings=\"{&quot;animation&quot;:&quot;fadeIn&quot;}\">\n\t\t\t\t\t<div class=\"e-con-inner\">\n\t\t\t\t<div class=\"elementor-element elementor-element-72b10aa elementor-widget elementor-widget-html\" data-id=\"72b10aa\" data-element_type=\"widget\" data-widget_type=\"html.default\">\n\t\t\t\t<div class=\"elementor-widget-container\">\n\t\t\t\t\t<iframe title=\"Informe PIMEC Ocupaciones y competencias verdes para una econom\u00eda sostenible (Espa\u00f1a)_ESP_Web03\" width=\"100%\" height=\"700\" src=\"\nhttps:\/\/app.powerbi.com\/view?r=eyJrIjoiZTg2NmM0OWItNzI0MC00ZTMyLWFjZjUtYzc2NGEyNGE3ZWI0IiwidCI6IjM1NGExOGYzLTI5OWQtNDRkMy1iMmFkLTg4NTkxYmUzMDQxNCIsImMiOjh9\"\nframeborder=\"0\" allowFullScreen=\"true\"><\/iframe>\t\t\t\t<\/div>\n\t\t\t\t<\/div>\n\t\t\t\t<div class=\"elementor-element elementor-element-7cd9619 elementor-widget elementor-widget-text-editor\" data-id=\"7cd9619\" data-element_type=\"widget\" data-widget_type=\"text-editor.default\">\n\t\t\t\t<div class=\"elementor-widget-container\">\n\t\t\t\t\t\t\t\t\t<p>Fuente: Elaboraci\u00f3n propia a partir de datos de vacantes online de LightCast en el per\u00edodo de junio de 2022 a julio de 2023. El porcentaje de demanda de ocupaciones verdes se calcula sobre las vacantes que especifican una ocupaci\u00f3n.  <\/p>\n\t\t\t\t\t\t\t\t<\/div>\n\t\t\t\t<\/div>\n\t\t\t\t\t<\/div>\n\t\t\t\t<\/div>\n\t\t<div class=\"elementor-element elementor-element-fa96961 e-flex e-con-boxed elementor-invisible e-con e-parent\" data-id=\"fa96961\" data-element_type=\"container\" data-settings=\"{&quot;animation&quot;:&quot;fadeIn&quot;,&quot;background_background&quot;:&quot;classic&quot;}\">\n\t\t\t\t\t<div class=\"e-con-inner\">\n\t\t<div class=\"elementor-element elementor-element-bac44ab e-flex e-con-boxed e-con e-child\" data-id=\"bac44ab\" data-element_type=\"container\">\n\t\t\t\t\t<div class=\"e-con-inner\">\n\t\t<div class=\"elementor-element elementor-element-fda9488 e-flex e-con-boxed e-con e-child\" data-id=\"fda9488\" data-element_type=\"container\" data-settings=\"{&quot;background_background&quot;:&quot;classic&quot;}\">\n\t\t\t\t\t<div class=\"e-con-inner\">\n\t\t\t\t<div class=\"elementor-element elementor-element-ee4ec75 elementor-position-top elementor-widget elementor-widget-image-box\" data-id=\"ee4ec75\" data-element_type=\"widget\" data-widget_type=\"image-box.default\">\n\t\t\t\t<div class=\"elementor-widget-container\">\n\t\t\t\t\t<div class=\"elementor-image-box-wrapper\"><figure class=\"elementor-image-box-img\"><a href=\"https:\/\/www.barometreocupacions.cat\/es\/ocupaciones-verdes-en-cataluna-demanda-en-cataluna\/\" tabindex=\"-1\"><img decoding=\"async\" width=\"512\" height=\"512\" src=\"https:\/\/www.barometreocupacions.cat\/wp-content\/uploads\/2024\/10\/demanda-catalunya.png\" class=\"attachment-full size-full wp-image-3537\" alt=\"\" srcset=\"https:\/\/www.barometreocupacions.cat\/wp-content\/uploads\/2024\/10\/demanda-catalunya.png 512w, https:\/\/www.barometreocupacions.cat\/wp-content\/uploads\/2024\/10\/demanda-catalunya-300x300.png 300w, https:\/\/www.barometreocupacions.cat\/wp-content\/uploads\/2024\/10\/demanda-catalunya-150x150.png 150w\" sizes=\"(max-width: 512px) 100vw, 512px\" \/><\/a><\/figure><div class=\"elementor-image-box-content\"><h3 class=\"elementor-image-box-title\"><a href=\"https:\/\/www.barometreocupacions.cat\/es\/ocupaciones-verdes-en-cataluna-demanda-en-cataluna\/\">Ocupaciones verdes en Catalu\u00f1a<\/a><\/h3><p class=\"elementor-image-box-description\">Descubre las ocupaciones verdes m\u00e1s solicitadas en Catalu\u00f1a y su grado de tareas verdes.<\/p><\/div><\/div>\t\t\t\t<\/div>\n\t\t\t\t<\/div>\n\t\t\t\t\t<\/div>\n\t\t\t\t<\/div>\n\t\t<div class=\"elementor-element elementor-element-4a15ce3 e-flex e-con-boxed e-con e-child\" data-id=\"4a15ce3\" data-element_type=\"container\" data-settings=\"{&quot;background_background&quot;:&quot;classic&quot;}\">\n\t\t\t\t\t<div class=\"e-con-inner\">\n\t\t\t\t<div class=\"elementor-element elementor-element-28b2164 elementor-position-top elementor-widget elementor-widget-image-box\" data-id=\"28b2164\" data-element_type=\"widget\" data-widget_type=\"image-box.default\">\n\t\t\t\t<div class=\"elementor-widget-container\">\n\t\t\t\t\t<div class=\"elementor-image-box-wrapper\"><figure class=\"elementor-image-box-img\"><a href=\"https:\/\/www.barometreocupacions.cat\/es\/10-ocupaciones-verdes-destacadas-analisis-por-perfil-competencial\/\" tabindex=\"-1\"><img decoding=\"async\" width=\"512\" height=\"512\" src=\"https:\/\/www.barometreocupacions.cat\/wp-content\/uploads\/2024\/10\/usuario.png\" class=\"attachment-full size-full wp-image-3637\" alt=\"\" srcset=\"https:\/\/www.barometreocupacions.cat\/wp-content\/uploads\/2024\/10\/usuario.png 512w, https:\/\/www.barometreocupacions.cat\/wp-content\/uploads\/2024\/10\/usuario-300x300.png 300w, https:\/\/www.barometreocupacions.cat\/wp-content\/uploads\/2024\/10\/usuario-150x150.png 150w\" sizes=\"(max-width: 512px) 100vw, 512px\" \/><\/a><\/figure><div class=\"elementor-image-box-content\"><h3 class=\"elementor-image-box-title\"><a href=\"https:\/\/www.barometreocupacions.cat\/es\/10-ocupaciones-verdes-destacadas-analisis-por-perfil-competencial\/\">10 ocupaciones verdes destacadas<\/a><\/h3><p class=\"elementor-image-box-description\">Profundiza en el perfil competencial de los profesionales claves para la transici\u00f3n ecol\u00f3gica.<\/p><\/div><\/div>\t\t\t\t<\/div>\n\t\t\t\t<\/div>\n\t\t\t\t\t<\/div>\n\t\t\t\t<\/div>\n\t\t<div class=\"elementor-element elementor-element-0150b12 e-flex e-con-boxed e-con e-child\" data-id=\"0150b12\" data-element_type=\"container\" data-settings=\"{&quot;background_background&quot;:&quot;classic&quot;}\">\n\t\t\t\t\t<div class=\"e-con-inner\">\n\t\t\t\t<div class=\"elementor-element elementor-element-af666b2 elementor-position-top elementor-widget elementor-widget-image-box\" data-id=\"af666b2\" data-element_type=\"widget\" data-widget_type=\"image-box.default\">\n\t\t\t\t<div class=\"elementor-widget-container\">\n\t\t\t\t\t<div class=\"elementor-image-box-wrapper\"><figure class=\"elementor-image-box-img\"><a href=\"https:\/\/www.barometreocupacions.cat\/es\/competencias-verdes-demanda-en-cataluna\/\" tabindex=\"-1\"><img loading=\"lazy\" decoding=\"async\" width=\"512\" height=\"512\" src=\"https:\/\/www.barometreocupacions.cat\/wp-content\/uploads\/2024\/10\/perfiles.png\" class=\"attachment-full size-full wp-image-3607\" alt=\"\" srcset=\"https:\/\/www.barometreocupacions.cat\/wp-content\/uploads\/2024\/10\/perfiles.png 512w, https:\/\/www.barometreocupacions.cat\/wp-content\/uploads\/2024\/10\/perfiles-300x300.png 300w, https:\/\/www.barometreocupacions.cat\/wp-content\/uploads\/2024\/10\/perfiles-150x150.png 150w\" sizes=\"(max-width: 512px) 100vw, 512px\" \/><\/a><\/figure><div class=\"elementor-image-box-content\"><h3 class=\"elementor-image-box-title\"><a href=\"https:\/\/www.barometreocupacions.cat\/es\/competencias-verdes-demanda-en-cataluna\/\">Competencias verdes en Catalu\u00f1a<\/a><\/h3><p class=\"elementor-image-box-description\">\u00bfCu\u00e1les son los conocimientos y habilidades verdes demandadas para reducir el impacto sobre el medio ambiente?<\/p><\/div><\/div>\t\t\t\t<\/div>\n\t\t\t\t<\/div>\n\t\t\t\t\t<\/div>\n\t\t\t\t<\/div>\n\t\t\t\t\t<\/div>\n\t\t\t\t<\/div>\n\t\t\t\t\t<\/div>\n\t\t\t\t<\/div>\n\t\t\t\t<\/div>\n\t\t","protected":false},"excerpt":{"rendered":"<p>PENSANDO EN VERDE PARA UNA ECONOM\u00cdA SOSTENIBLE La transici\u00f3n ecol\u00f3gica se ha posicionado como una de las prioridades m\u00e1s urgentes en la agenda europea mediante el pacto verde, que tiene por objetivo lograr la neutralidad clim\u00e1tica para el 2050. Pero, \u00bfc\u00f3mo impacta esta transici\u00f3n ecol\u00f3gica en el mercado laboral en Catalu\u00f1a? \u00bfQu\u00e9 perfiles verdes se [&hellip;]<\/p>\n","protected":false},"author":2,"featured_media":0,"parent":0,"menu_order":0,"comment_status":"closed","ping_status":"closed","template":"","meta":{"footnotes":""},"class_list":["post-3411","page","type-page","status-publish","hentry"],"yoast_head":"<!-- This site is optimized with the Yoast SEO plugin v25.4 - https:\/\/yoast.com\/wordpress\/plugins\/seo\/ -->\n<title>CATALU\u00d1A Y ESPA\u00d1A: TRANSICI\u00d3N ECOL\u00d3GICA - Bar\u00f2metre de compet\u00e8ncies i ocupacions de Catalunya<\/title>\n<meta name=\"robots\" content=\"index, follow, max-snippet:-1, max-image-preview:large, max-video-preview:-1\" \/>\n<link rel=\"canonical\" href=\"https:\/\/www.barometreocupacions.cat\/es\/cataluna-y-espana-transicion-ecologica\/\" \/>\n<meta property=\"og:locale\" content=\"es_ES\" \/>\n<meta property=\"og:type\" content=\"article\" \/>\n<meta property=\"og:title\" content=\"CATALU\u00d1A Y ESPA\u00d1A: TRANSICI\u00d3N ECOL\u00d3GICA - Bar\u00f2metre de compet\u00e8ncies i ocupacions de Catalunya\" \/>\n<meta property=\"og:description\" content=\"PENSANDO EN VERDE PARA UNA ECONOM\u00cdA SOSTENIBLE La transici\u00f3n ecol\u00f3gica se ha posicionado como una de las prioridades m\u00e1s urgentes en la agenda europea mediante el pacto verde, que tiene por objetivo lograr la neutralidad clim\u00e1tica para el 2050. Pero, \u00bfc\u00f3mo impacta esta transici\u00f3n ecol\u00f3gica en el mercado laboral en Catalu\u00f1a? \u00bfQu\u00e9 perfiles verdes se [&hellip;]\" \/>\n<meta property=\"og:url\" content=\"https:\/\/www.barometreocupacions.cat\/es\/cataluna-y-espana-transicion-ecologica\/\" \/>\n<meta property=\"og:site_name\" content=\"Bar\u00f2metre de compet\u00e8ncies i ocupacions de Catalunya\" \/>\n<meta property=\"article:modified_time\" content=\"2024-11-14T16:11:58+00:00\" \/>\n<meta property=\"og:image\" content=\"https:\/\/www.barometreocupacions.cat\/wp-content\/uploads\/2024\/10\/verdes-2.jpg\" \/>\n<meta name=\"twitter:card\" content=\"summary_large_image\" \/>\n<meta name=\"twitter:label1\" content=\"Tiempo de lectura\" \/>\n\t<meta name=\"twitter:data1\" content=\"4 minutos\" \/>\n<script type=\"application\/ld+json\" class=\"yoast-schema-graph\">{\"@context\":\"https:\/\/schema.org\",\"@graph\":[{\"@type\":\"WebPage\",\"@id\":\"https:\/\/www.barometreocupacions.cat\/es\/cataluna-y-espana-transicion-ecologica\/\",\"url\":\"https:\/\/www.barometreocupacions.cat\/es\/cataluna-y-espana-transicion-ecologica\/\",\"name\":\"CATALU\u00d1A Y ESPA\u00d1A: TRANSICI\u00d3N ECOL\u00d3GICA - Bar\u00f2metre de compet\u00e8ncies i ocupacions de Catalunya\",\"isPartOf\":{\"@id\":\"https:\/\/www.barometreocupacions.cat\/es\/#website\"},\"primaryImageOfPage\":{\"@id\":\"https:\/\/www.barometreocupacions.cat\/es\/cataluna-y-espana-transicion-ecologica\/#primaryimage\"},\"image\":{\"@id\":\"https:\/\/www.barometreocupacions.cat\/es\/cataluna-y-espana-transicion-ecologica\/#primaryimage\"},\"thumbnailUrl\":\"https:\/\/www.barometreocupacions.cat\/wp-content\/uploads\/2024\/10\/verdes-2.jpg\",\"datePublished\":\"2024-10-01T10:32:24+00:00\",\"dateModified\":\"2024-11-14T16:11:58+00:00\",\"breadcrumb\":{\"@id\":\"https:\/\/www.barometreocupacions.cat\/es\/cataluna-y-espana-transicion-ecologica\/#breadcrumb\"},\"inLanguage\":\"es\",\"potentialAction\":[{\"@type\":\"ReadAction\",\"target\":[\"https:\/\/www.barometreocupacions.cat\/es\/cataluna-y-espana-transicion-ecologica\/\"]}]},{\"@type\":\"ImageObject\",\"inLanguage\":\"es\",\"@id\":\"https:\/\/www.barometreocupacions.cat\/es\/cataluna-y-espana-transicion-ecologica\/#primaryimage\",\"url\":\"https:\/\/www.barometreocupacions.cat\/wp-content\/uploads\/2024\/10\/verdes-2.jpg\",\"contentUrl\":\"https:\/\/www.barometreocupacions.cat\/wp-content\/uploads\/2024\/10\/verdes-2.jpg\"},{\"@type\":\"BreadcrumbList\",\"@id\":\"https:\/\/www.barometreocupacions.cat\/es\/cataluna-y-espana-transicion-ecologica\/#breadcrumb\",\"itemListElement\":[{\"@type\":\"ListItem\",\"position\":1,\"name\":\"Inici\",\"item\":\"https:\/\/www.barometreocupacions.cat\/es\/\"},{\"@type\":\"ListItem\",\"position\":2,\"name\":\"CATALU\u00d1A Y ESPA\u00d1A: TRANSICI\u00d3N ECOL\u00d3GICA\"}]},{\"@type\":\"WebSite\",\"@id\":\"https:\/\/www.barometreocupacions.cat\/es\/#website\",\"url\":\"https:\/\/www.barometreocupacions.cat\/es\/\",\"name\":\"Bar\u00f2metre de compet\u00e8ncies i ocupacions de Catalunya\",\"description\":\"\",\"publisher\":{\"@id\":\"https:\/\/www.barometreocupacions.cat\/es\/#organization\"},\"potentialAction\":[{\"@type\":\"SearchAction\",\"target\":{\"@type\":\"EntryPoint\",\"urlTemplate\":\"https:\/\/www.barometreocupacions.cat\/es\/?s={search_term_string}\"},\"query-input\":{\"@type\":\"PropertyValueSpecification\",\"valueRequired\":true,\"valueName\":\"search_term_string\"}}],\"inLanguage\":\"es\"},{\"@type\":\"Organization\",\"@id\":\"https:\/\/www.barometreocupacions.cat\/es\/#organization\",\"name\":\"Bar\u00f2metre de compet\u00e8ncies i ocupacions de Catalunya\",\"url\":\"https:\/\/www.barometreocupacions.cat\/es\/\",\"logo\":{\"@type\":\"ImageObject\",\"inLanguage\":\"es\",\"@id\":\"https:\/\/www.barometreocupacions.cat\/es\/#\/schema\/logo\/image\/\",\"url\":\"https:\/\/www.barometreocupacions.cat\/wp-content\/uploads\/2024\/02\/logo.png\",\"contentUrl\":\"https:\/\/www.barometreocupacions.cat\/wp-content\/uploads\/2024\/02\/logo.png\",\"width\":504,\"height\":435,\"caption\":\"Bar\u00f2metre de compet\u00e8ncies i ocupacions de Catalunya\"},\"image\":{\"@id\":\"https:\/\/www.barometreocupacions.cat\/es\/#\/schema\/logo\/image\/\"}}]}<\/script>\n<!-- \/ Yoast SEO plugin. -->","yoast_head_json":{"title":"CATALU\u00d1A Y ESPA\u00d1A: TRANSICI\u00d3N ECOL\u00d3GICA - Bar\u00f2metre de compet\u00e8ncies i ocupacions de Catalunya","robots":{"index":"index","follow":"follow","max-snippet":"max-snippet:-1","max-image-preview":"max-image-preview:large","max-video-preview":"max-video-preview:-1"},"canonical":"https:\/\/www.barometreocupacions.cat\/es\/cataluna-y-espana-transicion-ecologica\/","og_locale":"es_ES","og_type":"article","og_title":"CATALU\u00d1A Y ESPA\u00d1A: TRANSICI\u00d3N ECOL\u00d3GICA - Bar\u00f2metre de compet\u00e8ncies i ocupacions de Catalunya","og_description":"PENSANDO EN VERDE PARA UNA ECONOM\u00cdA SOSTENIBLE La transici\u00f3n ecol\u00f3gica se ha posicionado como una de las prioridades m\u00e1s urgentes en la agenda europea mediante el pacto verde, que tiene por objetivo lograr la neutralidad clim\u00e1tica para el 2050. Pero, \u00bfc\u00f3mo impacta esta transici\u00f3n ecol\u00f3gica en el mercado laboral en Catalu\u00f1a? \u00bfQu\u00e9 perfiles verdes se [&hellip;]","og_url":"https:\/\/www.barometreocupacions.cat\/es\/cataluna-y-espana-transicion-ecologica\/","og_site_name":"Bar\u00f2metre de compet\u00e8ncies i ocupacions de Catalunya","article_modified_time":"2024-11-14T16:11:58+00:00","og_image":[{"url":"https:\/\/www.barometreocupacions.cat\/wp-content\/uploads\/2024\/10\/verdes-2.jpg","type":"","width":"","height":""}],"twitter_card":"summary_large_image","twitter_misc":{"Tiempo de lectura":"4 minutos"},"schema":{"@context":"https:\/\/schema.org","@graph":[{"@type":"WebPage","@id":"https:\/\/www.barometreocupacions.cat\/es\/cataluna-y-espana-transicion-ecologica\/","url":"https:\/\/www.barometreocupacions.cat\/es\/cataluna-y-espana-transicion-ecologica\/","name":"CATALU\u00d1A Y ESPA\u00d1A: TRANSICI\u00d3N ECOL\u00d3GICA - Bar\u00f2metre de compet\u00e8ncies i ocupacions de Catalunya","isPartOf":{"@id":"https:\/\/www.barometreocupacions.cat\/es\/#website"},"primaryImageOfPage":{"@id":"https:\/\/www.barometreocupacions.cat\/es\/cataluna-y-espana-transicion-ecologica\/#primaryimage"},"image":{"@id":"https:\/\/www.barometreocupacions.cat\/es\/cataluna-y-espana-transicion-ecologica\/#primaryimage"},"thumbnailUrl":"https:\/\/www.barometreocupacions.cat\/wp-content\/uploads\/2024\/10\/verdes-2.jpg","datePublished":"2024-10-01T10:32:24+00:00","dateModified":"2024-11-14T16:11:58+00:00","breadcrumb":{"@id":"https:\/\/www.barometreocupacions.cat\/es\/cataluna-y-espana-transicion-ecologica\/#breadcrumb"},"inLanguage":"es","potentialAction":[{"@type":"ReadAction","target":["https:\/\/www.barometreocupacions.cat\/es\/cataluna-y-espana-transicion-ecologica\/"]}]},{"@type":"ImageObject","inLanguage":"es","@id":"https:\/\/www.barometreocupacions.cat\/es\/cataluna-y-espana-transicion-ecologica\/#primaryimage","url":"https:\/\/www.barometreocupacions.cat\/wp-content\/uploads\/2024\/10\/verdes-2.jpg","contentUrl":"https:\/\/www.barometreocupacions.cat\/wp-content\/uploads\/2024\/10\/verdes-2.jpg"},{"@type":"BreadcrumbList","@id":"https:\/\/www.barometreocupacions.cat\/es\/cataluna-y-espana-transicion-ecologica\/#breadcrumb","itemListElement":[{"@type":"ListItem","position":1,"name":"Inici","item":"https:\/\/www.barometreocupacions.cat\/es\/"},{"@type":"ListItem","position":2,"name":"CATALU\u00d1A Y ESPA\u00d1A: TRANSICI\u00d3N ECOL\u00d3GICA"}]},{"@type":"WebSite","@id":"https:\/\/www.barometreocupacions.cat\/es\/#website","url":"https:\/\/www.barometreocupacions.cat\/es\/","name":"Bar\u00f2metre de compet\u00e8ncies i ocupacions de Catalunya","description":"","publisher":{"@id":"https:\/\/www.barometreocupacions.cat\/es\/#organization"},"potentialAction":[{"@type":"SearchAction","target":{"@type":"EntryPoint","urlTemplate":"https:\/\/www.barometreocupacions.cat\/es\/?s={search_term_string}"},"query-input":{"@type":"PropertyValueSpecification","valueRequired":true,"valueName":"search_term_string"}}],"inLanguage":"es"},{"@type":"Organization","@id":"https:\/\/www.barometreocupacions.cat\/es\/#organization","name":"Bar\u00f2metre de compet\u00e8ncies i ocupacions de Catalunya","url":"https:\/\/www.barometreocupacions.cat\/es\/","logo":{"@type":"ImageObject","inLanguage":"es","@id":"https:\/\/www.barometreocupacions.cat\/es\/#\/schema\/logo\/image\/","url":"https:\/\/www.barometreocupacions.cat\/wp-content\/uploads\/2024\/02\/logo.png","contentUrl":"https:\/\/www.barometreocupacions.cat\/wp-content\/uploads\/2024\/02\/logo.png","width":504,"height":435,"caption":"Bar\u00f2metre de compet\u00e8ncies i ocupacions de Catalunya"},"image":{"@id":"https:\/\/www.barometreocupacions.cat\/es\/#\/schema\/logo\/image\/"}}]}},"_links":{"self":[{"href":"https:\/\/www.barometreocupacions.cat\/es\/wp-json\/wp\/v2\/pages\/3411","targetHints":{"allow":["GET"]}}],"collection":[{"href":"https:\/\/www.barometreocupacions.cat\/es\/wp-json\/wp\/v2\/pages"}],"about":[{"href":"https:\/\/www.barometreocupacions.cat\/es\/wp-json\/wp\/v2\/types\/page"}],"author":[{"embeddable":true,"href":"https:\/\/www.barometreocupacions.cat\/es\/wp-json\/wp\/v2\/users\/2"}],"replies":[{"embeddable":true,"href":"https:\/\/www.barometreocupacions.cat\/es\/wp-json\/wp\/v2\/comments?post=3411"}],"version-history":[{"count":27,"href":"https:\/\/www.barometreocupacions.cat\/es\/wp-json\/wp\/v2\/pages\/3411\/revisions"}],"predecessor-version":[{"id":4255,"href":"https:\/\/www.barometreocupacions.cat\/es\/wp-json\/wp\/v2\/pages\/3411\/revisions\/4255"}],"wp:attachment":[{"href":"https:\/\/www.barometreocupacions.cat\/es\/wp-json\/wp\/v2\/media?parent=3411"}],"curies":[{"name":"wp","href":"https:\/\/api.w.org\/{rel}","templated":true}]}}